{"id":5366,"date":"2024-09-06T07:38:21","date_gmt":"2024-09-06T05:38:21","guid":{"rendered":"https:\/\/vrtecsalovci.splet.arnes.si\/?page_id=5366"},"modified":"2025-02-28T08:39:53","modified_gmt":"2025-02-28T07:39:53","slug":"kdaj-otrok-ne-sodi-v-vrtec","status":"publish","type":"page","link":"https:\/\/vrtecsalovci.splet.arnes.si\/?page_id=5366","title":{"rendered":"Kdaj otrok ne sodi v vrtec?"},"content":{"rendered":"\n<p>Star\u0161i prevzemate veliko odgovornost, \u010de v vrtec pripeljete bolnega ali \u0161e ne povsem zdravega otroka ali pa otroka kljub vidnim za\u010detnim bolezenskim znakom, ne peljete k zdravniku, da bi potrdil ali izklju\u010dil bolezen, ki bi lahko ogrozila druge otroke v vrtcu. Vi ste namre\u010d prvi, ki lahko prepoznate bolezen pri otroku \u017ee doma in ustrezno ukrepate.<\/p>\n\n\n\n<p><br>Otroka ne pripeljite v vrtce, \u010de:<\/p>\n\n\n\n<ul class=\"wp-block-list\">\n<li>Je imel v zadnjih 48 urah&nbsp;<strong>povi\u0161ano telesno temperaturo<\/strong>, je neobi\u010dajno&nbsp;<strong>utrujen<\/strong>&nbsp;ali&nbsp;<strong>te\u017eko diha<\/strong>.<\/li>\n\n\n\n<li>Je v zadnjih 48 urah&nbsp;<strong>bruhal<\/strong>&nbsp;ve\u010d kot 2 krat.<\/li>\n\n\n\n<li>Ima&nbsp;<strong>drisko<\/strong>&nbsp;oziroma je v zadnjih 48 urah odvajal teko\u010de blato 2 ali ve\u010dkrat dnevno.<\/li>\n\n\n\n<li>Ima&nbsp;<strong>v ustih razjede<\/strong>&nbsp;in se slini.<\/li>\n\n\n\n<li><strong>Ima izpu\u0161\u010daj&nbsp;<\/strong>z ali brez vro\u010dine (razen v primeru neinfekcijskih izpu\u0161\u010dajev, kot so piki insektov, alergijski izpu\u0161\u010daji&#8230;)<\/li>\n\n\n\n<li>Ima&nbsp;<strong>gnojen izcedek&nbsp;<\/strong>iz nosu,<strong>&nbsp;kiha&nbsp;<\/strong>in<strong>&nbsp;mo\u010dno ka\u0161lja<\/strong>, ima<strong>&nbsp;gnojne o\u010di<\/strong>.<\/li>\n\n\n\n<li>Ga&nbsp;<strong>boli \u017erelo&nbsp;<\/strong>in ima<strong>&nbsp;otekle bezgavke<\/strong>.<\/li>\n\n\n\n<li><strong>Ima u\u0161i ali garje<\/strong>&nbsp;\u2013 otrok sme ponovno v vrtec takoj, ko je uspe\u0161no opravljeno razu\u0161evanje ali uspe\u0161no izveden postopek zdravljenja garij.&nbsp;<strong>Pojav u\u0161i<\/strong>&nbsp;pri otroku je potrebno \u010dim prej sporo\u010diti vzgojitelju, da vrtec izvede ustrezne ukrepe za prepre\u010devanje \u0161irjenja u\u0161ivosti, stra\u0161i pa ste dol\u017eni z otrokove glave odstraniti vse u\u0161i in gnide.<\/li>\n<\/ul>\n\n\n\n<p><br>\u010ce stra\u0161i v vrtec pripeljete bolnega otroka, lahko osebje vrtca zavrne njegov sprejem.<\/p>\n\n\n\n<p>Ob prebolevanju katerekoli oku\u017ebe otrok ne sodi v vrtec, ampak ima pravico, da ga star\u0161i negujejo doma, v vrtec pa naj se vrne popolnoma zdrav. Otrok tako hitreje in la\u017eje preboli bolezen, je bolj odporen, prepre\u010deno pa je tudi \u0161irjenje bolezni na druge otroke. Star\u0161i ste zato dol\u017eni, da v vrtec pripeljete zdravega otroka kar je dobro zaradi njegove varnosti, kakor tudi varnosti celotnega kolektiva.<\/p>\n\n\n\n<div class=\"wp-block-buttons is-content-justification-center is-layout-flex wp-container-core-buttons-is-layout-16018d1d wp-block-buttons-is-layout-flex\">\n<div class=\"wp-block-button has-custom-font-size is-style-fill has-medium-font-size\"><a class=\"wp-block-button__link has-luminous-dusk-gradient-background has-background wp-element-button\" href=\"https:\/\/vrtecsalovci.splet.arnes.si\/files\/2025\/02\/Vkljucitev-otroka-v-vrtec-po-preboleli-nalezljivi-bolezni-ali-okuzbi-SMERNICE-NIJZ.pdf\" style=\"border-radius:9px\" target=\"_blank\" rel=\"noreferrer noopener\"><strong>Smernice NIJZ<\/strong><\/a><\/div>\n<\/div>\n\n\n\n<p><\/p>\n","protected":false},"excerpt":{"rendered":"<p>Star\u0161i prevzemate veliko odgovornost, \u010de v vrtec pripeljete bolnega ali \u0161e ne povsem zdravega otroka ali pa otroka kljub vidnim za\u010detnim bolezenskim znakom, ne peljete k zdravniku, da bi potrdil [&hellip;]<\/p>\n","protected":false},"author":81642,"featured_media":0,"parent":0,"menu_order":0,"comment_status":"closed","ping_status":"closed","template":"","meta":{"ngg_post_thumbnail":0,"footnotes":""},"class_list":["post-5366","page","type-page","status-publish","hentry"],"_links":{"self":[{"href":"https:\/\/vrtecsalovci.splet.arnes.si\/index.php?rest_route=\/wp\/v2\/pages\/5366","targetHints":{"allow":["GET"]}}],"collection":[{"href":"https:\/\/vrtecsalovci.splet.arnes.si\/index.php?rest_route=\/wp\/v2\/pages"}],"about":[{"href":"https:\/\/vrtecsalovci.splet.arnes.si\/index.php?rest_route=\/wp\/v2\/types\/page"}],"author":[{"embeddable":true,"href":"https:\/\/vrtecsalovci.splet.arnes.si\/index.php?rest_route=\/wp\/v2\/users\/81642"}],"replies":[{"embeddable":true,"href":"https:\/\/vrtecsalovci.splet.arnes.si\/index.php?rest_route=%2Fwp%2Fv2%2Fcomments&post=5366"}],"version-history":[{"count":4,"href":"https:\/\/vrtecsalovci.splet.arnes.si\/index.php?rest_route=\/wp\/v2\/pages\/5366\/revisions"}],"predecessor-version":[{"id":5530,"href":"https:\/\/vrtecsalovci.splet.arnes.si\/index.php?rest_route=\/wp\/v2\/pages\/5366\/revisions\/5530"}],"wp:attachment":[{"href":"https:\/\/vrtecsalovci.splet.arnes.si\/index.php?rest_route=%2Fwp%2Fv2%2Fmedia&parent=5366"}],"curies":[{"name":"wp","href":"https:\/\/api.w.org\/{rel}","templated":true}]}}