{"id":5371,"date":"2024-09-06T07:51:13","date_gmt":"2024-09-06T05:51:13","guid":{"rendered":"https:\/\/vrtecsalovci.splet.arnes.si\/?page_id=5371"},"modified":"2025-10-22T09:34:29","modified_gmt":"2025-10-22T07:34:29","slug":"osnovni-podatki","status":"publish","type":"page","link":"https:\/\/vrtecsalovci.splet.arnes.si\/?page_id=5371","title":{"rendered":"Osnovni podatki"},"content":{"rendered":"\n<p>Ime zavoda: Vrtec pri O\u0160 \u0160alovci<\/p>\n\n\n\n<p>Naslov: \u0160alovci 172, 9204 \u0160alovci<\/p>\n\n\n\n<p>Telefon: 02\/559 80 19<\/p>\n\n\n\n<p>E-po\u0161ta:&nbsp;vrtec.ossalovci@gmail.com<br>Spletna stran:&nbsp;<a href=\"https:\/\/vrtecsalovci.splet.arnes.si\/\">https:\/\/vrtecsalovci.splet.arnes.si\/<\/a><\/p>\n\n\n\n<p>Ravnateljica: Jo\u017eica Tratar<\/p>\n\n\n\n<p>Pomo\u010dnica ravnateljice: Barbara Ostri\u010d, dipl. vzg. pred. otrok<\/p>\n\n\n\n<h2 class=\"wp-block-heading\">Uprava vrtca<\/h2>\n\n\n\n<p>Ravnateljica: Jo\u017eica Tratar<\/p>\n\n\n\n<p>Tajnica VIZ: Majda \u010casar<\/p>\n\n\n\n<p>Telefon: 02\/ 559 80 10<\/p>\n\n\n\n<p>Svetovalna delavka: Vanja Lebar Varga<\/p>\n\n\n\n<p>Telefon: 02 559 80 13<\/p>\n\n\n\n<h2 class=\"wp-block-heading\">Poslovni \u010das<\/h2>\n\n\n\n<p>Vrtec posluje <strong>10 ur<\/strong> dnevno, in sicer od <strong>6:00<\/strong> do <strong>16:00<\/strong> ure. V soboto, nedeljo in ob praznikih je vrtec zaprt. Poslovanje vrtca je med \u0161olskim letom usklajeno s \u0161olskim koledarjem.<\/p>\n\n\n\n<h2 class=\"wp-block-heading\">Vizija Vrtca<\/h2>\n\n\n<div class=\"wp-block-image\">\n<figure class=\"aligncenter size-large\"><a href=\"https:\/\/vrtecsalovci.splet.arnes.si\/files\/2025\/10\/VIZIJA-VRTCA-PRI-OS-SALOVCI.png\"><img loading=\"lazy\" decoding=\"async\" width=\"1024\" height=\"1024\" src=\"https:\/\/vrtecsalovci.splet.arnes.si\/files\/2025\/10\/VIZIJA-VRTCA-PRI-OS-SALOVCI-1024x1024.png\" alt=\"vizija vrtca\" class=\"wp-image-5687\" srcset=\"https:\/\/vrtecsalovci.splet.arnes.si\/files\/2025\/10\/VIZIJA-VRTCA-PRI-OS-SALOVCI-1024x1024.png 1024w, https:\/\/vrtecsalovci.splet.arnes.si\/files\/2025\/10\/VIZIJA-VRTCA-PRI-OS-SALOVCI-300x300.png 300w, https:\/\/vrtecsalovci.splet.arnes.si\/files\/2025\/10\/VIZIJA-VRTCA-PRI-OS-SALOVCI-150x150.png 150w, https:\/\/vrtecsalovci.splet.arnes.si\/files\/2025\/10\/VIZIJA-VRTCA-PRI-OS-SALOVCI-768x768.png 768w, https:\/\/vrtecsalovci.splet.arnes.si\/files\/2025\/10\/VIZIJA-VRTCA-PRI-OS-SALOVCI-947x947.png 947w, https:\/\/vrtecsalovci.splet.arnes.si\/files\/2025\/10\/VIZIJA-VRTCA-PRI-OS-SALOVCI-624x624.png 624w, https:\/\/vrtecsalovci.splet.arnes.si\/files\/2025\/10\/VIZIJA-VRTCA-PRI-OS-SALOVCI.png 1080w\" sizes=\"auto, (max-width: 1024px) 100vw, 1024px\" \/><\/a><\/figure>\n<\/div>","protected":false},"excerpt":{"rendered":"<p>Ime zavoda: Vrtec pri O\u0160 \u0160alovci Naslov: \u0160alovci 172, 9204 \u0160alovci Telefon: 02\/559 80 19 E-po\u0161ta:&nbsp;vrtec.ossalovci@gmail.comSpletna stran:&nbsp;https:\/\/vrtecsalovci.splet.arnes.si\/ Ravnateljica: Jo\u017eica Tratar Pomo\u010dnica ravnateljice: Barbara Ostri\u010d, dipl. vzg. pred. otrok Uprava vrtca [&hellip;]<\/p>\n","protected":false},"author":81642,"featured_media":0,"parent":0,"menu_order":0,"comment_status":"closed","ping_status":"closed","template":"","meta":{"ngg_post_thumbnail":0,"footnotes":""},"class_list":["post-5371","page","type-page","status-publish","hentry"],"_links":{"self":[{"href":"https:\/\/vrtecsalovci.splet.arnes.si\/index.php?rest_route=\/wp\/v2\/pages\/5371","targetHints":{"allow":["GET"]}}],"collection":[{"href":"https:\/\/vrtecsalovci.splet.arnes.si\/index.php?rest_route=\/wp\/v2\/pages"}],"about":[{"href":"https:\/\/vrtecsalovci.splet.arnes.si\/index.php?rest_route=\/wp\/v2\/types\/page"}],"author":[{"embeddable":true,"href":"https:\/\/vrtecsalovci.splet.arnes.si\/index.php?rest_route=\/wp\/v2\/users\/81642"}],"replies":[{"embeddable":true,"href":"https:\/\/vrtecsalovci.splet.arnes.si\/index.php?rest_route=%2Fwp%2Fv2%2Fcomments&post=5371"}],"version-history":[{"count":6,"href":"https:\/\/vrtecsalovci.splet.arnes.si\/index.php?rest_route=\/wp\/v2\/pages\/5371\/revisions"}],"predecessor-version":[{"id":5688,"href":"https:\/\/vrtecsalovci.splet.arnes.si\/index.php?rest_route=\/wp\/v2\/pages\/5371\/revisions\/5688"}],"wp:attachment":[{"href":"https:\/\/vrtecsalovci.splet.arnes.si\/index.php?rest_route=%2Fwp%2Fv2%2Fmedia&parent=5371"}],"curies":[{"name":"wp","href":"https:\/\/api.w.org\/{rel}","templated":true}]}}