{"id":763,"date":"2017-03-20T07:51:40","date_gmt":"2017-03-20T06:51:40","guid":{"rendered":"http:\/\/vrtecsalovci.splet.arnes.si\/?page_id=763"},"modified":"2025-01-14T12:35:57","modified_gmt":"2025-01-14T11:35:57","slug":"763-2","status":"publish","type":"page","link":"https:\/\/vrtecsalovci.splet.arnes.si\/?page_id=763","title":{"rendered":"INFORMACIJE O VPISU IN IZPISU"},"content":{"rendered":"<h1>VPIS<\/h1>\n<p>V vrtec sprejemamo otroke od dopolnjenega 11. meseca (oz. po zaklju\u010dku dopusta za nego in varstvo otroka, \u010de je bil le-ta podalj\u0161an) do vstopa v \u0161olo.<\/p>\n<p>V primeru prostih mest vpisujemo in sprejemamo otroke <strong>skozi vse leto<\/strong>.<\/p>\n<p><strong><u>Kako vpi\u0161ete otroka v vrtec? <\/u><\/strong>Otroka lahko vpi\u0161ete v \u017eeleni program vrtca s posebno prijavo <strong>oz. vlogo<\/strong> za sprejem otroka v vrtec. Vlogo lahko dobite pri svetovalni delavki. Na vpis lahko prinesete \u017ee izpolnjeno vlogo, lahko pa jo dobite in izpolnite na samem vpisu (potrebovali boste EM\u0160O otroka in star\u0161ev). Izpolnjeno vlogo lahko po\u0161ljete tudi po po\u0161ti.<\/p>\n<p>Vlagatelj lahko vlogo vlo\u017ei za teko\u010de ali prihajajo\u010de \u0161olsko leto, pri \u010demer se vloge za prihajajo\u010de \u0161olsko leto obravnavajo skupaj z vlogami, ki tega leta prispejo na podlagi javnega poziva.<\/p>\n<p><a href=\"https:\/\/vrtecsalovci.splet.arnes.si\/files\/2023\/03\/VLOGA-vrtec.pdf\">VLOGA ZA VPIS<\/a><\/p>\n<p><b>Sprejem otrok v vrtec<\/b>&nbsp;Vlagatelj odda vlogo na sede\u017eu vrtca ali jo po\u0161lje po po\u0161ti.&nbsp;\u010ce je vloga nepopolna ali \u010de vrtec zaradi uporabe kriterijev za sprejem potrebuje \u0161e druge podatke, lahko vlagatelje pozove k odpravi pomanjkljivosti ali dopolnitvi vloge tudi po elektronski po\u0161ti, telefonu ali ustno, \u010de vlagatelji pridejo v vrtec. O tem se napi\u0161e uradni zaznamek. \u010ce vloga ni dopolnjena, se jo obravnava in o sprejemu otroka odlo\u010di na podlagi podatkov, ki jih vsebuje vloga.<\/p>\n<p><strong>\u010ce je v vrtcu dovolj prostih mest, odlo\u010da o sprejemu otroka ravnatelj vrtca, ali od njega poobla\u0161\u010dena oseba.&nbsp;<\/strong><\/p>\n<p>Vrtec star\u0161e pisno obvesti o roku za sklenitev <strong>Pogodbe <\/strong>o medsebojnih pravicah in obveznostih med vrtcem in star\u0161i, o datumu vklju\u010ditve otroka v vrtec in o drugih pogojih za sprejem otroka.<\/p>\n<p><strong><u>Kriteriji za sprejem otrok v vrtec<\/u><\/strong> Pri sprejemanju in razporejanju otrok v oddelke upo\u0161tevamo Pravilnik o normativih in kadrovskih pogojih za opravljanje dejavnosti pred\u0161olske vzgoje. Oddelki se oblikujejo s 1. septembrom.<\/p>\n<p>Pri sprejemu otrok v vrtec imajo prednost otroci, za katere star\u0161i predlo\u017eijo potrdilo Centra za socialno delo o ogro\u017eenosti zaradi socialnega polo\u017eaja dru\u017eine ter otroci s posebnimi potrebami.<\/p>\n<p><strong>Vsi star\u0161i morajo ob sprejemu otroka v vrtec prilo\u017eiti potrdilo pediatra o zdravstvenem stanju otroka.<br \/>\n<\/strong>\u010ce je za sprejem v vrtec ve\u010d prijav kot je prostih mest, bo o sprejemu odlo\u010dala komisija za sprejem otrok.<\/p>\n<p><strong><u>Kaj je potrebno storiti pred vstopom otroka v vrtec?&nbsp;<\/u><\/strong>Ko je otrok sprejet v vrtec, star\u0161e o tem pisno obvestimo. Star\u0161i otrok, ki so sprejeti v vrtec, z vrtcem podpi\u0161ejo <strong><u>Pogodbo &nbsp;<\/u><\/strong>o dolo\u010ditvi medsebojnih pravic in obveznosti star\u0161ev in vrtca. Pogodbo vam bomo poslali hkrati z obvestilom o sprejemu. Izpolnjeno pogodbo \u010dim prej vrnete svetovalni delavki. S podpisom pogodbe med vrtcem in star\u0161i se \u0161teje, da je otrok vklju\u010den v vrtec. <strong>V kolikor star\u0161i ne boste podpisali pogodbe v 15-dnevnem roku, se smatra, da vlogo za vpis otroka v vrtec umikate.<\/strong><\/p>\n<p><a href=\"https:\/\/vrtecsalovci.splet.arnes.si\/files\/2024\/09\/PRVIC-V-VRTEC.pdf\">Prvi\u010d v vrtec<\/a><\/p>\n<p>Dobro je vedeti \u0161e naslednje:<\/p>\n<p><strong><u>Zni\u017eano pla\u010dilo vrtca<\/u><\/strong> lahko uveljavljajo star\u0161i za otroke, ki so vklju\u010deni v javni vrtec, zasebni vrtec s koncesijo ter zasebni vrtec, ki se financira iz ob\u010dinskega prora\u010duna.<\/p>\n<p>Star\u0161em pripada pravica do zni\u017eanega pla\u010dila vrtca <strong>od prvega dne naslednjega meseca po vlo\u017eitvi vloge<\/strong>, podeli pa se za obdobje enega koledarskega leta ali do spremembe dejstev in okoli\u0161\u010din, ki vplivajo na priznanje pravice.<\/p>\n<p><strong>Enotno vlogo za uveljavljanje pravic iz javnih sredstev<\/strong> vlo\u017eite pri krajevno <strong>pristojnem centru za socialno delo<\/strong> \u2013 osebno, po po\u0161ti, elektronsko. Ponovno uveljavljanje subvencije vrtca \u010ce ponovno uveljavljate pravico do otro\u0161kega dodatka ali subvencije vrtca (ste upravi\u010denec do pravice in jo \u017eelite podalj\u0161ati), lahko vlo\u017eite <strong>vloga za ponovno uveljavljanje pravice do otro\u0161kega dodatka\/subvencije vrtca.<\/strong><\/p>\n<p><strong><u>Vi\u0161ina pla\u010dila vrtca<\/u><\/strong> se ugotavlja glede na povpre\u010dni mese\u010dni dohodek na osebo in premo\u017eenje dru\u017eine in se jih razvrsti v pla\u010dni razred.<\/p>\n<p>Star\u0161i, ki imajo v vrtcu dva ali ve\u010d otrok, z uveljavitvijo Zakona za uravnote\u017eenje javnih financ <strong>pla\u010dajo 30 % pla\u010dila za drugega otroka<\/strong>, ki jim je dolo\u010deno kot zni\u017eano pla\u010dila vrtca, za vsakega nadaljnjega otroka pa so opro\u0161\u010deni pla\u010dila vrtca. Star\u0161em, ki ne uveljavljajo zni\u017eanega pla\u010dila vrtca na centru za socialno delo (in so zavezanci za dohodnino v Republiki Sloveniji), <strong>vrtec izstavi ra\u010dun v vi\u0161ini najvi\u0161jega dohodkovnega razreda po lestvici (77 %). <\/strong><\/p>\n<p><strong>Pla\u010dilo star\u0161ev v odstotku od cene programa:<\/strong><\/p>\n<table width=\"100%\">\n<tbody>\n<tr>\n<td>Dohodkovni razred<\/td>\n<td>Povpre\u010dni mese\u010dni dohodek na osebo&nbsp; v % od neto povpre\u010dne pla\u010de<\/td>\n<td>Pla\u010dilo star\u0161ev v odstotku od cene programa &#8211; EC<\/td>\n<\/tr>\n<tr>\n<td>1<\/td>\n<td>do 18 %<\/td>\n<td>\/<\/td>\n<\/tr>\n<tr>\n<td>2<\/td>\n<td>nad 18 % do 30 %<\/td>\n<td>10 %<\/td>\n<\/tr>\n<tr>\n<td>3<\/td>\n<td>nad 30 % do 36 %<\/td>\n<td>20 %<\/td>\n<\/tr>\n<tr>\n<td>4<\/td>\n<td>nad 36 % do 42 %<\/td>\n<td>30 %<\/td>\n<\/tr>\n<tr>\n<td>5<\/td>\n<td>nad 42 % do 53 %<\/td>\n<td>35 %<\/td>\n<\/tr>\n<tr>\n<td>6<\/td>\n<td>nad 53 % do 64 %<\/td>\n<td>43 %<\/td>\n<\/tr>\n<tr>\n<td>7<\/td>\n<td>nad 64 % do 82 %<\/td>\n<td>53 %<\/td>\n<\/tr>\n<tr>\n<td>8<\/td>\n<td>nad 82 % do 99 %<\/td>\n<td>66 %<\/td>\n<\/tr>\n<tr>\n<td>9<\/td>\n<td>nad 99 %<\/td>\n<td>77 %<\/td>\n<\/tr>\n<\/tbody>\n<\/table>\n<h1>IZPIS<\/h1>\n<p>Star\u0161i lahko kadarkoli izpi\u0161ete otroka iz vrtca&nbsp;s 15 dnevnim izpisnim rokom.<\/p>\n<p>Otroka lahko izpi\u0161ete samo v pisni obliki, in sicer na obrazcu&nbsp;<em>Izpis otroka iz vrtca<\/em>. Obrazec dobite na upravi vrtca&nbsp;v svetovalni slu\u017ebi&nbsp;ali na spletni strani pod zavihkom obrazci.<\/p>\n<p><a href=\"http:\/\/vrtecsalovci.splet.arnes.si\/files\/2015\/09\/IZPISNICA-2016.pdf\">VLOGA ZA IZPIS IZ VRTCA<\/a><\/p>\n<p style=\"text-align: right\">Pripravila: svetovalna delavka<\/p>\n","protected":false},"excerpt":{"rendered":"<p>VPIS V vrtec sprejemamo otroke od dopolnjenega 11. meseca (oz. po zaklju\u010dku dopusta za nego in varstvo otroka, \u010de je bil le-ta podalj\u0161an) do vstopa v \u0161olo. V primeru prostih [&hellip;]<\/p>\n","protected":false},"author":2635,"featured_media":0,"parent":0,"menu_order":0,"comment_status":"closed","ping_status":"closed","template":"","meta":{"ngg_post_thumbnail":0,"footnotes":""},"class_list":["post-763","page","type-page","status-publish","hentry"],"_links":{"self":[{"href":"https:\/\/vrtecsalovci.splet.arnes.si\/index.php?rest_route=\/wp\/v2\/pages\/763","targetHints":{"allow":["GET"]}}],"collection":[{"href":"https:\/\/vrtecsalovci.splet.arnes.si\/index.php?rest_route=\/wp\/v2\/pages"}],"about":[{"href":"https:\/\/vrtecsalovci.splet.arnes.si\/index.php?rest_route=\/wp\/v2\/types\/page"}],"author":[{"embeddable":true,"href":"https:\/\/vrtecsalovci.splet.arnes.si\/index.php?rest_route=\/wp\/v2\/users\/2635"}],"replies":[{"embeddable":true,"href":"https:\/\/vrtecsalovci.splet.arnes.si\/index.php?rest_route=%2Fwp%2Fv2%2Fcomments&post=763"}],"version-history":[{"count":15,"href":"https:\/\/vrtecsalovci.splet.arnes.si\/index.php?rest_route=\/wp\/v2\/pages\/763\/revisions"}],"predecessor-version":[{"id":5509,"href":"https:\/\/vrtecsalovci.splet.arnes.si\/index.php?rest_route=\/wp\/v2\/pages\/763\/revisions\/5509"}],"wp:attachment":[{"href":"https:\/\/vrtecsalovci.splet.arnes.si\/index.php?rest_route=%2Fwp%2Fv2%2Fmedia&parent=763"}],"curies":[{"name":"wp","href":"https:\/\/api.w.org\/{rel}","templated":true}]}}